{"id":5207,"date":"2023-04-01T21:09:22","date_gmt":"2023-04-01T21:09:22","guid":{"rendered":"https:\/\/www.imcconsulting.it\/schede_immobile\/le-suore-mercedarie-missionarie-di-berriz-vendono-al-mondo-laico\/"},"modified":"2024-02-19T11:50:52","modified_gmt":"2024-02-19T11:50:52","slug":"hermanas-mercedarias-misioeras-de-berriz-venden-al-mundo-laico","status":"publish","type":"schede_immobile","link":"https:\/\/www.imcconsulting.it\/es\/schede_immobile\/hermanas-mercedarias-misioeras-de-berriz-venden-al-mundo-laico\/","title":{"rendered":"Las Hermanas Mercedarias Misioneras de Berriz venden al mundo laico"},"content":{"rendered":"<section class=\"l-section wpb_row visore-interne immobili height_small with_img\"><div class=\"l-section-img\" role=\"img\" aria-label=\"Imagen\" data-img-width=\"1728\" data-img-height=\"688\" style=\"background-image: url(https:\/\/www.imcconsulting.it\/wp-content\/uploads\/2023\/04\/visore-bierritz.jpg);background-repeat: no-repeat;\"><\/div><div class=\"l-section-h i-cf\"><div class=\"g-cols vc_row via_grid cols_1 laptops-cols_inherit tablets-cols_inherit mobiles-cols_1 valign_middle type_default stacking_default\"><div class=\"wpb_column vc_column_container\"><div class=\"vc_column-inner\"><div class=\"wpb_text_column\"><div class=\"wpb_wrapper\"><h1 style=\"text-align: center;\">Las Hermanas Mercedarias Misioneras de Berriz venden al mundo laico<\/h1>\n<\/div><\/div><\/div><\/div><\/div><\/div><\/section><section class=\"l-section wpb_row fascia-alternata-img-sx img-sopra height_medium\"><div class=\"l-section-h i-cf\"><div class=\"g-cols vc_row via_grid cols_1-3 laptops-cols_inherit tablets-cols_inherit mobiles-cols_1 valign_middle type_default reversed stacking_default\"><div class=\"wpb_column vc_column_container\"><div class=\"vc_column-inner\"><div class=\"w-image logo-immobile align_none\"><div class=\"w-image-h\"><img decoding=\"async\" width=\"256\" height=\"75\" src=\"https:\/\/www.imcconsulting.it\/wp-content\/uploads\/2023\/04\/logo-berriz.png\" class=\"attachment-full size-full\" alt=\"\" loading=\"lazy\" \/><\/div><\/div><div class=\"w-image align_none\"><div class=\"w-image-h\"><img decoding=\"async\" width=\"615\" height=\"442\" src=\"https:\/\/www.imcconsulting.it\/wp-content\/uploads\/2023\/04\/img-bierritz.png\" class=\"attachment-full size-full\" alt=\"\" loading=\"lazy\" srcset=\"https:\/\/www.imcconsulting.it\/wp-content\/uploads\/2023\/04\/img-bierritz.png 615w, https:\/\/www.imcconsulting.it\/wp-content\/uploads\/2023\/04\/img-bierritz-300x216.png 300w\" sizes=\"auto, (max-width: 615px) 100vw, 615px\" \/><\/div><\/div><\/div><\/div><div class=\"wpb_column vc_column_container\"><div class=\"vc_column-inner\"><div class=\"wpb_text_column box-grigio img-sopra\"><div class=\"wpb_wrapper\"><p><strong>Roma \u2013 Viale Pola<br \/>\nClientes eclesi\u00e1sticos<\/strong><\/p>\n<p>Servicios prestados:<\/p>\n<ul>\n<li>Due Diligence documental<\/li>\n<li class=\"flag\">Due Diligence Urban\u00edstica y Catastral<\/li>\n<li class=\"flag\">Valoraci\u00f3n Inmobiliaria<\/li>\n<li class=\"flag\">Orientaci\u00f3n del Consejo General en el proceso de decisi\u00f3n<\/li>\n<li class=\"flag\">Verificaci\u00f3n de Inter\u00e9s Cultural<\/li>\n<li class=\"flag\">Permiso MiC para la venta<\/li>\n<li class=\"flag\">SCIA en Evaluaci\u00f3n de la Conformidad<\/li>\n<li class=\"flag\">Colocaci\u00f3n de la propiedad en el mercado<\/li>\n<li class=\"flag\">Negociaciones con los compradores<\/li>\n<li class=\"flag\">Contratos<\/li>\n<li class=\"flag\">Permiso Eclesi\u00e1stico<\/li>\n<li class=\"flag\">Asistencia en la escritura notarial<\/li>\n<li class=\"flag\">Coordinaci\u00f3n del traslado de la Congregaci\u00f3n<\/li>\n<\/ul>\n<\/div><\/div><\/div><\/div><\/div><\/div><\/section><section class=\"l-section wpb_row fascia-desc-immobile height_auto width_full\"><div class=\"l-section-h i-cf\"><div class=\"g-cols vc_row via_grid cols_1 laptops-cols_inherit tablets-cols_inherit mobiles-cols_1 valign_top type_default stacking_default\"><div class=\"wpb_column vc_column_container\"><div class=\"vc_column-inner\"><div class=\"wpb_text_column\"><div class=\"wpb_wrapper\"><h3 style=\"text-align: center;\">El inmueble<\/h3>\n<p style=\"text-align: center;\">Esta magn\u00edfica villa, propiedad de las Hermanas Mercedarias Misioneras de Berriz MMB, se encuentra ubicada en el prestigioso barrio Trieste de Roma y fue construida en 1891 en una zona que forma parte del parque de Villa Alberoni. La villa era propiedad de la Congregaci\u00f3n desde 1957.<br \/>\nLa villa se encuentra en frente a la sede hist\u00f3rica de la Universidad \u00abLUISS GUIDO CARLI\u00bb, que alguna vez fue la residencia de campo del cardenal Giulio Alberoni. Las Hermanas Mercedarias Misioneras de Berriz, despu\u00e9s de haber confiado a IMC Consulting una exhaustiva due diligence, acompa\u00f1ada de una simulaci\u00f3n de todos los posibles escenarios para la valorizaci\u00f3n del inmueble, decidieron vender su Casa de la Procuradur\u00eda en Roma, ya no estrat\u00e9gica para sus fines institucionales.<br \/>\nEl inmueble de aproximadamente 1.400 <sup>m2<\/sup>, edificado alrededor de 1891 y en discretas condiciones de conservaci\u00f3n, ha sido construido con tres plantas sobre rasante con amplias terrazas, balcones y un s\u00f3tano. Una magn\u00edfica capilla privada, dos cocinas habitables, lavander\u00eda, salones, dormitorios, oficinas y \u00e1reas comunes, todo ello rodeado por un hermoso jard\u00edn con \u00e1rboles altos y dos amplios garajes, completan la propiedad.<br \/>\nDespu\u00e9s de varias negociaciones infructuosas con Congregaciones Religiosas, ha sido individualizado, a trav\u00e9s de los contactos privilegiados de IMC, el comprador ideal, es decir, una empresa privada de alto perfil en Roma, que una vez comprada la propiedad y renovada, la destinar\u00e1 a nueva sede con prestigiosas oficinas operativas y de representaci\u00f3n. La complejidad de la operaci\u00f3n consisti\u00f3 en la Restricci\u00f3n impuesta por el MiC y por lo tanto hubo que coordinar los permisos del Ministerio de Cultura, es decir el Estado Italiano, con el Estado Vaticano y las partes, una eclesi\u00e1stica y otra laica. IMC Consulting prefiere las negociaciones entre Congregaciones y se esfuerza al m\u00e1ximo para que esto sea posible, pero mantiene contactos constantes con inversores institucionales y privados, tanto nacionales como internacionales.<\/p>\n<\/div><\/div><\/div><\/div><\/div><\/div><\/section><section class=\"l-section wpb_row height_small\"><div class=\"l-section-h i-cf\"><div class=\"g-cols vc_row via_grid cols_1 laptops-cols_inherit tablets-cols_inherit mobiles-cols_1 valign_top type_default stacking_default\"><div class=\"wpb_column vc_column_container\"><div class=\"vc_column-inner\"><div class=\"wpb_text_column\"><div class=\"wpb_wrapper\"><h2 style=\"text-align: center;\">Galer\u00eda de fotos<\/h2>\n<\/div><\/div><div class=\"w-separator size_medium\"><\/div><div class=\"w-grid type_carousel layout_563 items_3 ratio_4x3\" id=\"us_grid_1\" style=\"--items:3;--gap:1rem;--item-ratio:0.75;\"><style>.layout_563 .w-grid-item-h{border-radius:2rem}.layout_563 .usg_post_image_1{transition-duration:0.35s;transform-origin:50% 50%;transform:scale(1) translate(0%,0%)}.layout_563 .w-grid-item-h:focus-within .usg_post_image_1,.layout_563 .w-grid-item-h:hover .usg_post_image_1{transform:scale(1) translate(0%,0%);opacity:1}.layout_563 .usg_post_image_1{border-radius:40px!important;position:absolute!important;left:0!important;top:0!important;bottom:0!important;right:0!important}<\/style><div class=\"w-grid-list owl-carousel valign_stretch dotstyle_circle navstyle_circle navpos_outside owl-responsive-2000 with_dots with_arrows\" style=\"--transition-duration:350ms;--arrows-size:1.5rem;\">\t<article class=\"w-grid-item post-3158 attachment type-attachment status-inherit hentry\" data-id=\"3158\">\r\n\t\t<div class=\"w-grid-item-h\">\r\n\t\t\t\t\t\t<div class=\"w-post-elm post_image usg_post_image_1 stretched\"><a ref=\"magnificPopup\" href=\"https:\/\/www.imcconsulting.it\/wp-content\/uploads\/2023\/04\/img-viale-pola-02.jpg\" aria-label=\"img-viale-pola-02\"><img loading=\"lazy\" decoding=\"async\" width=\"932\" height=\"306\" src=\"https:\/\/www.imcconsulting.it\/wp-content\/uploads\/2023\/04\/img-viale-pola-02.jpg\" class=\"attachment-full size-full\" alt=\"\" srcset=\"https:\/\/www.imcconsulting.it\/wp-content\/uploads\/2023\/04\/img-viale-pola-02.jpg 932w, https:\/\/www.imcconsulting.it\/wp-content\/uploads\/2023\/04\/img-viale-pola-02-300x98.jpg 300w\" sizes=\"auto, (max-width: 932px) 100vw, 932px\" \/><\/a><\/div>\t\t<\/div>\r\n\t\t\t<\/article>\r\n\t<article class=\"w-grid-item post-1366 attachment type-attachment status-inherit hentry\" data-id=\"1366\">\r\n\t\t<div class=\"w-grid-item-h\">\r\n\t\t\t\t\t\t<div class=\"w-post-elm post_image usg_post_image_1 stretched\"><a ref=\"magnificPopup\" href=\"https:\/\/www.imcconsulting.it\/wp-content\/uploads\/2023\/04\/vialePola-09.jpg\" aria-label=\"vialePola-09\"><img loading=\"lazy\" decoding=\"async\" width=\"520\" height=\"345\" src=\"https:\/\/www.imcconsulting.it\/wp-content\/uploads\/2023\/04\/vialePola-09.jpg\" class=\"attachment-full size-full\" alt=\"\" srcset=\"https:\/\/www.imcconsulting.it\/wp-content\/uploads\/2023\/04\/vialePola-09.jpg 520w, https:\/\/www.imcconsulting.it\/wp-content\/uploads\/2023\/04\/vialePola-09-300x199.jpg 300w\" sizes=\"auto, (max-width: 520px) 100vw, 520px\" \/><\/a><\/div>\t\t<\/div>\r\n\t\t\t<\/article>\r\n\t<article class=\"w-grid-item post-1360 attachment type-attachment status-inherit hentry\" data-id=\"1360\">\r\n\t\t<div class=\"w-grid-item-h\">\r\n\t\t\t\t\t\t<div class=\"w-post-elm post_image usg_post_image_1 stretched\"><a ref=\"magnificPopup\" href=\"https:\/\/www.imcconsulting.it\/wp-content\/uploads\/2023\/04\/vialePola-08.jpg\" aria-label=\"vialePola-08\"><img loading=\"lazy\" decoding=\"async\" width=\"520\" height=\"345\" src=\"https:\/\/www.imcconsulting.it\/wp-content\/uploads\/2023\/04\/vialePola-08.jpg\" class=\"attachment-full size-full\" alt=\"\" srcset=\"https:\/\/www.imcconsulting.it\/wp-content\/uploads\/2023\/04\/vialePola-08.jpg 520w, https:\/\/www.imcconsulting.it\/wp-content\/uploads\/2023\/04\/vialePola-08-300x199.jpg 300w\" sizes=\"auto, (max-width: 520px) 100vw, 520px\" \/><\/a><\/div>\t\t<\/div>\r\n\t\t\t<\/article>\r\n\t<article class=\"w-grid-item post-1354 attachment type-attachment status-inherit hentry\" data-id=\"1354\">\r\n\t\t<div class=\"w-grid-item-h\">\r\n\t\t\t\t\t\t<div class=\"w-post-elm post_image usg_post_image_1 stretched\"><a ref=\"magnificPopup\" href=\"https:\/\/www.imcconsulting.it\/wp-content\/uploads\/2023\/04\/vialePola-07.jpg\" aria-label=\"vialePola-07\"><img loading=\"lazy\" decoding=\"async\" width=\"520\" height=\"345\" src=\"https:\/\/www.imcconsulting.it\/wp-content\/uploads\/2023\/04\/vialePola-07.jpg\" class=\"attachment-full size-full\" alt=\"\" srcset=\"https:\/\/www.imcconsulting.it\/wp-content\/uploads\/2023\/04\/vialePola-07.jpg 520w, https:\/\/www.imcconsulting.it\/wp-content\/uploads\/2023\/04\/vialePola-07-300x199.jpg 300w\" sizes=\"auto, (max-width: 520px) 100vw, 520px\" \/><\/a><\/div>\t\t<\/div>\r\n\t\t\t<\/article>\r\n\t<article class=\"w-grid-item post-1348 attachment type-attachment status-inherit hentry\" data-id=\"1348\">\r\n\t\t<div class=\"w-grid-item-h\">\r\n\t\t\t\t\t\t<div class=\"w-post-elm post_image usg_post_image_1 stretched\"><a ref=\"magnificPopup\" href=\"https:\/\/www.imcconsulting.it\/wp-content\/uploads\/2023\/04\/vialePola-06.jpg\" aria-label=\"vialePola-06\"><img loading=\"lazy\" decoding=\"async\" width=\"520\" height=\"345\" src=\"https:\/\/www.imcconsulting.it\/wp-content\/uploads\/2023\/04\/vialePola-06.jpg\" class=\"attachment-full size-full\" alt=\"\" srcset=\"https:\/\/www.imcconsulting.it\/wp-content\/uploads\/2023\/04\/vialePola-06.jpg 520w, https:\/\/www.imcconsulting.it\/wp-content\/uploads\/2023\/04\/vialePola-06-300x199.jpg 300w\" sizes=\"auto, (max-width: 520px) 100vw, 520px\" \/><\/a><\/div>\t\t<\/div>\r\n\t\t\t<\/article>\r\n\t<article class=\"w-grid-item post-1342 attachment type-attachment status-inherit hentry\" data-id=\"1342\">\r\n\t\t<div class=\"w-grid-item-h\">\r\n\t\t\t\t\t\t<div class=\"w-post-elm post_image usg_post_image_1 stretched\"><a ref=\"magnificPopup\" href=\"https:\/\/www.imcconsulting.it\/wp-content\/uploads\/2023\/04\/vialePola-05.jpg\" aria-label=\"vialePola-05\"><img loading=\"lazy\" decoding=\"async\" width=\"520\" height=\"345\" src=\"https:\/\/www.imcconsulting.it\/wp-content\/uploads\/2023\/04\/vialePola-05.jpg\" class=\"attachment-full size-full\" alt=\"\" srcset=\"https:\/\/www.imcconsulting.it\/wp-content\/uploads\/2023\/04\/vialePola-05.jpg 520w, https:\/\/www.imcconsulting.it\/wp-content\/uploads\/2023\/04\/vialePola-05-300x199.jpg 300w\" sizes=\"auto, (max-width: 520px) 100vw, 520px\" \/><\/a><\/div>\t\t<\/div>\r\n\t\t\t<\/article>\r\n\t<article class=\"w-grid-item post-1336 attachment type-attachment status-inherit hentry\" data-id=\"1336\">\r\n\t\t<div class=\"w-grid-item-h\">\r\n\t\t\t\t\t\t<div class=\"w-post-elm post_image usg_post_image_1 stretched\"><a ref=\"magnificPopup\" href=\"https:\/\/www.imcconsulting.it\/wp-content\/uploads\/2023\/04\/vialePola-04.jpg\" aria-label=\"vialePola-04\"><img loading=\"lazy\" decoding=\"async\" width=\"520\" height=\"345\" src=\"https:\/\/www.imcconsulting.it\/wp-content\/uploads\/2023\/04\/vialePola-04.jpg\" class=\"attachment-full size-full\" alt=\"\" srcset=\"https:\/\/www.imcconsulting.it\/wp-content\/uploads\/2023\/04\/vialePola-04.jpg 520w, https:\/\/www.imcconsulting.it\/wp-content\/uploads\/2023\/04\/vialePola-04-300x199.jpg 300w\" sizes=\"auto, (max-width: 520px) 100vw, 520px\" \/><\/a><\/div>\t\t<\/div>\r\n\t\t\t<\/article>\r\n\t<article class=\"w-grid-item post-1330 attachment type-attachment status-inherit hentry\" data-id=\"1330\">\r\n\t\t<div class=\"w-grid-item-h\">\r\n\t\t\t\t\t\t<div class=\"w-post-elm post_image usg_post_image_1 stretched\"><a ref=\"magnificPopup\" href=\"https:\/\/www.imcconsulting.it\/wp-content\/uploads\/2023\/04\/vialePola-03.jpg\" aria-label=\"vialePola-03\"><img loading=\"lazy\" decoding=\"async\" width=\"520\" height=\"345\" src=\"https:\/\/www.imcconsulting.it\/wp-content\/uploads\/2023\/04\/vialePola-03.jpg\" class=\"attachment-full size-full\" alt=\"\" srcset=\"https:\/\/www.imcconsulting.it\/wp-content\/uploads\/2023\/04\/vialePola-03.jpg 520w, https:\/\/www.imcconsulting.it\/wp-content\/uploads\/2023\/04\/vialePola-03-300x199.jpg 300w\" sizes=\"auto, (max-width: 520px) 100vw, 520px\" \/><\/a><\/div>\t\t<\/div>\r\n\t\t\t<\/article>\r\n\t<article class=\"w-grid-item post-1324 attachment type-attachment status-inherit hentry\" data-id=\"1324\">\r\n\t\t<div class=\"w-grid-item-h\">\r\n\t\t\t\t\t\t<div class=\"w-post-elm post_image usg_post_image_1 stretched\"><a ref=\"magnificPopup\" href=\"https:\/\/www.imcconsulting.it\/wp-content\/uploads\/2023\/04\/vialePola-02.jpg\" aria-label=\"vialePola-02\"><img loading=\"lazy\" decoding=\"async\" width=\"520\" height=\"345\" src=\"https:\/\/www.imcconsulting.it\/wp-content\/uploads\/2023\/04\/vialePola-02.jpg\" class=\"attachment-full size-full\" alt=\"\" srcset=\"https:\/\/www.imcconsulting.it\/wp-content\/uploads\/2023\/04\/vialePola-02.jpg 520w, https:\/\/www.imcconsulting.it\/wp-content\/uploads\/2023\/04\/vialePola-02-300x199.jpg 300w\" sizes=\"auto, (max-width: 520px) 100vw, 520px\" \/><\/a><\/div>\t\t<\/div>\r\n\t\t\t<\/article>\r\n<\/div>\t<div class=\"g-preloader type_1\">\r\n\t\t<div><\/div>\r\n\t<\/div>\r\n\t\t<div class=\"w-grid-json hidden\" onclick='return {&quot;action&quot;:&quot;us_ajax_grid&quot;,&quot;infinite_scroll&quot;:0,&quot;max_num_pages&quot;:1,&quot;pagination&quot;:&quot;none&quot;,&quot;template_vars&quot;:{&quot;columns&quot;:&quot;&quot;,&quot;exclude_items&quot;:&quot;none&quot;,&quot;img_size&quot;:&quot;default&quot;,&quot;ignore_items_size&quot;:0,&quot;items_layout&quot;:&quot;563&quot;,&quot;items_offset&quot;:&quot;0px&quot;,&quot;load_animation&quot;:&quot;none&quot;,&quot;overriding_link&quot;:&quot;%7B%22url%22%3A%22%22%7D&quot;,&quot;post_id&quot;:0,&quot;query_args&quot;:{&quot;post_type&quot;:[&quot;attachment&quot;],&quot;post__in&quot;:[&quot;1319&quot;,&quot;1325&quot;,&quot;1331&quot;,&quot;1337&quot;,&quot;1343&quot;,&quot;1349&quot;,&quot;1355&quot;,&quot;1361&quot;,&quot;3153&quot;],&quot;post_status&quot;:&quot;inherit&quot;,&quot;post_mime_type&quot;:&quot;image&quot;,&quot;posts_per_page&quot;:&quot;40&quot;},&quot;orderby_query_args&quot;:{&quot;orderby&quot;:{&quot;date&quot;:&quot;DESC&quot;}},&quot;type&quot;:&quot;carousel&quot;,&quot;us_grid_post_type&quot;:&quot;attachment&quot;,&quot;us_grid_ajax_index&quot;:1,&quot;us_grid_filter_query_string&quot;:null,&quot;us_grid_index&quot;:1,&quot;page_args&quot;:[],&quot;lang&quot;:&quot;es&quot;},&quot;carousel_settings&quot;:{&quot;aria_labels&quot;:{&quot;prev&quot;:&quot;Anterior&quot;,&quot;next&quot;:&quot;Siguiente&quot;},&quot;autoplayContinual&quot;:false,&quot;autoplayHoverPause&quot;:false,&quot;autoplayTimeout&quot;:3000,&quot;autoWidth&quot;:false,&quot;smartSpeed&quot;:350,&quot;margin&quot;:0,&quot;mouseDrag&quot;:true,&quot;rtl&quot;:false,&quot;slideBy&quot;:&quot;page&quot;,&quot;touchDrag&quot;:true,&quot;slideTransition&quot;:&quot;&quot;,&quot;responsive&quot;:{&quot;0&quot;:{&quot;autoHeight&quot;:false,&quot;autoplay&quot;:false,&quot;autoWidth&quot;:false,&quot;center&quot;:false,&quot;dots&quot;:true,&quot;items&quot;:1,&quot;loop&quot;:true,&quot;nav&quot;:false,&quot;stagePadding&quot;:0,&quot;slideBy&quot;:&quot;1&quot;},&quot;721&quot;:{&quot;autoHeight&quot;:false,&quot;autoplay&quot;:false,&quot;autoWidth&quot;:false,&quot;center&quot;:false,&quot;dots&quot;:true,&quot;items&quot;:2,&quot;loop&quot;:true,&quot;nav&quot;:true,&quot;stagePadding&quot;:0,&quot;slideBy&quot;:&quot;1&quot;},&quot;1025&quot;:{&quot;autoHeight&quot;:false,&quot;autoplay&quot;:true,&quot;autoWidth&quot;:false,&quot;center&quot;:false,&quot;dots&quot;:true,&quot;items&quot;:3,&quot;loop&quot;:true,&quot;nav&quot;:true,&quot;stagePadding&quot;:0,&quot;slideBy&quot;:&quot;1&quot;},&quot;1281&quot;:{&quot;items&quot;:3,&quot;autoplay&quot;:false,&quot;center&quot;:false,&quot;dots&quot;:true,&quot;nav&quot;:true,&quot;autoHeight&quot;:false,&quot;autoWidth&quot;:false,&quot;loop&quot;:true,&quot;stagePadding&quot;:0}}}}'><\/div>\r\n\t<\/div><\/div><\/div><\/div><\/div><\/section><section class=\"l-section wpb_row fascia-carosello-clienti height_small width_full\"><div class=\"l-section-h i-cf\"><div class=\"g-cols vc_row via_grid cols_1 laptops-cols_inherit tablets-cols_inherit mobiles-cols_1 valign_top type_default stacking_default\"><div class=\"wpb_column vc_column_container\"><div class=\"vc_column-inner\"><section class=\"l-section wpb_row height_auto\"><div class=\"l-section-h i-cf\"><div class=\"g-cols vc_row via_grid cols_1 laptops-cols_inherit tablets-cols_inherit mobiles-cols_1 valign_top type_default stacking_default\"><div class=\"wpb_column vc_column_container\"><div class=\"vc_column-inner\"><div class=\"wpb_text_column\"><div class=\"wpb_wrapper\"><h3 style=\"text-align: center;\">Nuestros \u00faltimos \u00e9xitos<\/h3>\n<p style=\"text-align: center;\">Los encargos que hemos llevado a cabo satisfaciendo todas las necesidades.<\/p>\n<\/div><\/div><div class=\"w-separator size_small\"><\/div><div class=\"w-grid carousel-novita type_carousel layout_508 items_3\" id=\"us_grid_2\" style=\"--items:3;--gap:1rem;\"><style>.layout_508 .w-grid-item-h{}.layout_508 .usg_post_image_1{transition-duration:0.35s}.layout_508 .w-grid-item-h:focus-within .usg_post_image_1,.layout_508 .w-grid-item-h:hover .usg_post_image_1{}.layout_508 .usg_post_image_1{border-radius:40px!important;left:0!important;top:0!important;bottom:0!important;right:0!important}.layout_508 .usg_vwrapper_1{margin-top:15px!important}.layout_508 .usg_post_custom_field_1{font-size:20px!important;line-height:22px!important;font-weight:400!important}<\/style><div class=\"w-grid-list owl-carousel valign_stretch dotstyle_circle navstyle_circle navpos_outside owl-responsive-2000 with_dots with_arrows\" style=\"--transition-duration:400ms;--arrows-size:1.5rem;\">\t<article class=\"w-grid-item post-7175 schede_immobile type-schede_immobile status-publish has-post-thumbnail hentry categoria_schede_immobile-congregazioni-religiose\" data-id=\"7175\">\r\n\t\t<div class=\"w-grid-item-h\">\r\n\t\t\t\t\t\t<div class=\"w-post-elm post_image usg_post_image_1 stretched\"><a href=\"https:\/\/www.imcconsulting.it\/es\/schede_immobile\/congregacion-de-los-misioneros-de-mariannhill\/\" aria-label=\"Congregaci\u00f3n de los Misioneros de Mariannhill\"><img loading=\"lazy\" decoding=\"async\" width=\"520\" height=\"345\" src=\"https:\/\/www.imcconsulting.it\/wp-content\/uploads\/2025\/12\/th-torrevecchia.jpg\" class=\"attachment-full size-full wp-post-image\" alt=\"\" srcset=\"https:\/\/www.imcconsulting.it\/wp-content\/uploads\/2025\/12\/th-torrevecchia.jpg 520w, https:\/\/www.imcconsulting.it\/wp-content\/uploads\/2025\/12\/th-torrevecchia-300x199.jpg 300w\" sizes=\"auto, (max-width: 520px) 100vw, 520px\" \/><\/a><\/div><div class=\"w-vwrapper usg_vwrapper_1 align_center\"><h2 class=\"w-post-elm post_custom_field usg_post_custom_field_1 type_text sottotitolo color_link_inherit\"><span class=\"w-post-elm-value\">C.M.M \u2013 Roma, Via di Torrevecchia<\/span><\/h2><a class=\"w-btn us-btn-style_2 usg_btn_1 icon_atright\" href=\"https:\/\/www.imcconsulting.it\/es\/schede_immobile\/congregacion-de-los-misioneros-de-mariannhill\/\"><span class=\"w-btn-label\">Saber m\u00e1s<\/span><i class=\"fas fa-chevron-right\"><\/i><\/a><\/div>\t\t<\/div>\r\n\t\t\t<\/article>\r\n\t<article class=\"w-grid-item post-5290 schede_immobile type-schede_immobile status-publish has-post-thumbnail hentry categoria_schede_immobile-congregazioni-religiose\" data-id=\"5290\">\r\n\t\t<div class=\"w-grid-item-h\">\r\n\t\t\t\t\t\t<div class=\"w-post-elm post_image usg_post_image_1 stretched\"><a href=\"https:\/\/www.imcconsulting.it\/es\/schede_immobile\/le-suore-figlie-di-cristo-re-f-c-r-hijas-de-cristo-rey-vendono-alle-suore-missionarie-del-preziosissimo-sangue-c-p-s-missionary-sisters-of-the-precious-blood\/\" aria-label=\"Las Hijas de Cristo Rey F.C.R. venden a las Hermanas Misioneras de la Preciosa Sangre C.P.S. &#8211; Missionary Sisters of the Precious Blood\"><img loading=\"lazy\" decoding=\"async\" width=\"419\" height=\"350\" src=\"https:\/\/www.imcconsulting.it\/wp-content\/uploads\/2023\/04\/img-fcr.jpg\" class=\"attachment-full size-full wp-post-image\" alt=\"\" srcset=\"https:\/\/www.imcconsulting.it\/wp-content\/uploads\/2023\/04\/img-fcr.jpg 419w, https:\/\/www.imcconsulting.it\/wp-content\/uploads\/2023\/04\/img-fcr-300x251.jpg 300w\" sizes=\"auto, (max-width: 419px) 100vw, 419px\" \/><\/a><\/div><div class=\"w-vwrapper usg_vwrapper_1 align_center\"><h2 class=\"w-post-elm post_custom_field usg_post_custom_field_1 type_text sottotitolo color_link_inherit\"><span class=\"w-post-elm-value\">F.C.R. - Roma, Via della Pisana<\/span><\/h2><a class=\"w-btn us-btn-style_2 usg_btn_1 icon_atright\" href=\"https:\/\/www.imcconsulting.it\/es\/schede_immobile\/le-suore-figlie-di-cristo-re-f-c-r-hijas-de-cristo-rey-vendono-alle-suore-missionarie-del-preziosissimo-sangue-c-p-s-missionary-sisters-of-the-precious-blood\/\"><span class=\"w-btn-label\">Saber m\u00e1s<\/span><i class=\"fas fa-chevron-right\"><\/i><\/a><\/div>\t\t<\/div>\r\n\t\t\t<\/article>\r\n\t<article class=\"w-grid-item post-5276 schede_immobile type-schede_immobile status-publish has-post-thumbnail hentry categoria_schede_immobile-congregazioni-religiose\" data-id=\"5276\">\r\n\t\t<div class=\"w-grid-item-h\">\r\n\t\t\t\t\t\t<div class=\"w-post-elm post_image usg_post_image_1 stretched\"><a href=\"https:\/\/www.imcconsulting.it\/es\/schede_immobile\/society-of-the-holy-child-jesus\/\" aria-label=\"Society of the Holy Child Jesus\"><img loading=\"lazy\" decoding=\"async\" width=\"420\" height=\"315\" src=\"https:\/\/www.imcconsulting.it\/wp-content\/uploads\/2023\/04\/Nullo-03.jpg\" class=\"attachment-full size-full wp-post-image\" alt=\"\" srcset=\"https:\/\/www.imcconsulting.it\/wp-content\/uploads\/2023\/04\/Nullo-03.jpg 420w, https:\/\/www.imcconsulting.it\/wp-content\/uploads\/2023\/04\/Nullo-03-300x225.jpg 300w\" sizes=\"auto, (max-width: 420px) 100vw, 420px\" \/><\/a><\/div><div class=\"w-vwrapper usg_vwrapper_1 align_center\"><h2 class=\"w-post-elm post_custom_field usg_post_custom_field_1 type_text sottotitolo color_link_inherit\"><span class=\"w-post-elm-value\">S.H.C.J. \u2013 Roma, Via Francesco Nullo<\/span><\/h2><a class=\"w-btn us-btn-style_2 usg_btn_1 icon_atright\" href=\"https:\/\/www.imcconsulting.it\/es\/schede_immobile\/society-of-the-holy-child-jesus\/\"><span class=\"w-btn-label\">Saber m\u00e1s<\/span><i class=\"fas fa-chevron-right\"><\/i><\/a><\/div>\t\t<\/div>\r\n\t\t\t<\/article>\r\n\t<article class=\"w-grid-item post-5269 schede_immobile type-schede_immobile status-publish has-post-thumbnail hentry categoria_schede_immobile-congregazioni-religiose\" data-id=\"5269\">\r\n\t\t<div class=\"w-grid-item-h\">\r\n\t\t\t\t\t\t<div class=\"w-post-elm post_image usg_post_image_1 stretched\"><a href=\"https:\/\/www.imcconsulting.it\/es\/schede_immobile\/le-suore-dellangelo-custode-hermanas-del-angel-de-la-guarda-sac-vendono-ai-missionari\/\" aria-label=\"Las Hermanas del \u00c0ngel de la Guarda venden a los Misioneros de Mariannhill\"><img loading=\"lazy\" decoding=\"async\" width=\"520\" height=\"345\" src=\"https:\/\/www.imcconsulting.it\/wp-content\/uploads\/2023\/04\/torrevecchia-img6.jpg\" class=\"attachment-full size-full wp-post-image\" alt=\"\" srcset=\"https:\/\/www.imcconsulting.it\/wp-content\/uploads\/2023\/04\/torrevecchia-img6.jpg 520w, https:\/\/www.imcconsulting.it\/wp-content\/uploads\/2023\/04\/torrevecchia-img6-300x199.jpg 300w\" sizes=\"auto, (max-width: 520px) 100vw, 520px\" \/><\/a><\/div><div class=\"w-vwrapper usg_vwrapper_1 align_center\"><h2 class=\"w-post-elm post_custom_field usg_post_custom_field_1 type_text sottotitolo color_link_inherit\"><span class=\"w-post-elm-value\">S.A.C. \u2013 Roma, Via di Torrevecchia<\/span><\/h2><a class=\"w-btn us-btn-style_2 usg_btn_1 icon_atright\" href=\"https:\/\/www.imcconsulting.it\/es\/schede_immobile\/le-suore-dellangelo-custode-hermanas-del-angel-de-la-guarda-sac-vendono-ai-missionari\/\"><span class=\"w-btn-label\">Saber m\u00e1s<\/span><i class=\"fas fa-chevron-right\"><\/i><\/a><\/div>\t\t<\/div>\r\n\t\t\t<\/article>\r\n\t<article class=\"w-grid-item post-5264 schede_immobile type-schede_immobile status-publish has-post-thumbnail hentry categoria_schede_immobile-congregazioni-religiose\" data-id=\"5264\">\r\n\t\t<div class=\"w-grid-item-h\">\r\n\t\t\t\t\t\t<div class=\"w-post-elm post_image usg_post_image_1 stretched\"><a href=\"https:\/\/www.imcconsulting.it\/es\/schede_immobile\/s-b-d-p-venden-a-las-hermanas-dominicas-de-santa-catalina-de-siena-iraquies\/\" aria-label=\"S.B.D.P. venden a las Hermanas Dominicas de Santa Catalina de Siena Iraqu\u00edes\"><img loading=\"lazy\" decoding=\"async\" width=\"1000\" height=\"669\" src=\"https:\/\/www.imcconsulting.it\/wp-content\/uploads\/2023\/04\/forteBraschi.jpg\" class=\"attachment-full size-full wp-post-image\" alt=\"\" srcset=\"https:\/\/www.imcconsulting.it\/wp-content\/uploads\/2023\/04\/forteBraschi.jpg 1000w, https:\/\/www.imcconsulting.it\/wp-content\/uploads\/2023\/04\/forteBraschi-300x201.jpg 300w\" sizes=\"auto, (max-width: 1000px) 100vw, 1000px\" \/><\/a><\/div><div class=\"w-vwrapper usg_vwrapper_1 align_center\"><h2 class=\"w-post-elm post_custom_field usg_post_custom_field_1 type_text sottotitolo color_link_inherit\"><span class=\"w-post-elm-value\">S.B.D.P. \u2013 Roma, Via del Forte Braschi<\/span><\/h2><a class=\"w-btn us-btn-style_2 usg_btn_1 icon_atright\" href=\"https:\/\/www.imcconsulting.it\/es\/schede_immobile\/s-b-d-p-venden-a-las-hermanas-dominicas-de-santa-catalina-de-siena-iraquies\/\"><span class=\"w-btn-label\">Saber m\u00e1s<\/span><i class=\"fas fa-chevron-right\"><\/i><\/a><\/div>\t\t<\/div>\r\n\t\t\t<\/article>\r\n\t<article class=\"w-grid-item post-5255 schede_immobile type-schede_immobile status-publish has-post-thumbnail hentry categoria_schede_immobile-congregazioni-religiose\" data-id=\"5255\">\r\n\t\t<div class=\"w-grid-item-h\">\r\n\t\t\t\t\t\t<div class=\"w-post-elm post_image usg_post_image_1 stretched\"><a href=\"https:\/\/www.imcconsulting.it\/es\/schede_immobile\/o-p-bracciano-villaggio-betania\/\" aria-label=\"O.P. \u2013 Bracciano, Villaggio Betania\"><img loading=\"lazy\" decoding=\"async\" width=\"420\" height=\"315\" src=\"https:\/\/www.imcconsulting.it\/wp-content\/uploads\/2023\/04\/domenicane-2.jpg\" class=\"attachment-full size-full wp-post-image\" alt=\"\" srcset=\"https:\/\/www.imcconsulting.it\/wp-content\/uploads\/2023\/04\/domenicane-2.jpg 420w, https:\/\/www.imcconsulting.it\/wp-content\/uploads\/2023\/04\/domenicane-2-300x225.jpg 300w\" sizes=\"auto, (max-width: 420px) 100vw, 420px\" \/><\/a><\/div><div class=\"w-vwrapper usg_vwrapper_1 align_center\"><h2 class=\"w-post-elm post_custom_field usg_post_custom_field_1 type_text sottotitolo color_link_inherit\"><span class=\"w-post-elm-value\">O.P. \u2013 Bracciano, Villaggio Betania<\/span><\/h2><a class=\"w-btn us-btn-style_2 usg_btn_1 icon_atright\" href=\"https:\/\/www.imcconsulting.it\/es\/schede_immobile\/o-p-bracciano-villaggio-betania\/\"><span class=\"w-btn-label\">Saber m\u00e1s<\/span><i class=\"fas fa-chevron-right\"><\/i><\/a><\/div>\t\t<\/div>\r\n\t\t\t<\/article>\r\n\t<article class=\"w-grid-item post-5247 schede_immobile type-schede_immobile status-publish has-post-thumbnail hentry categoria_schede_immobile-ambasciate categoria_schede_immobile-congregazioni-religiose\" data-id=\"5247\">\r\n\t\t<div class=\"w-grid-item-h\">\r\n\t\t\t\t\t\t<div class=\"w-post-elm post_image usg_post_image_1 stretched\"><a href=\"https:\/\/www.imcconsulting.it\/es\/schede_immobile\/villa-il-palazzetto-roma-via-brenta\/\" aria-label=\"Villa il Palazzetto &#8211;  Roma, Via Brenta\"><img loading=\"lazy\" decoding=\"async\" width=\"419\" height=\"350\" src=\"https:\/\/www.imcconsulting.it\/wp-content\/uploads\/2023\/04\/imgPalazzetto03.jpg\" class=\"attachment-full size-full wp-post-image\" alt=\"\" srcset=\"https:\/\/www.imcconsulting.it\/wp-content\/uploads\/2023\/04\/imgPalazzetto03.jpg 419w, https:\/\/www.imcconsulting.it\/wp-content\/uploads\/2023\/04\/imgPalazzetto03-300x251.jpg 300w\" sizes=\"auto, (max-width: 419px) 100vw, 419px\" \/><\/a><\/div><div class=\"w-vwrapper usg_vwrapper_1 align_center\"><h2 class=\"w-post-elm post_custom_field usg_post_custom_field_1 type_text sottotitolo color_link_inherit\"><span class=\"w-post-elm-value\">Embajada de Marruecos \u2013 Roma, Via Brenta<\/span><\/h2><a class=\"w-btn us-btn-style_2 usg_btn_1 icon_atright\" href=\"https:\/\/www.imcconsulting.it\/es\/schede_immobile\/villa-il-palazzetto-roma-via-brenta\/\"><span class=\"w-btn-label\">Saber m\u00e1s<\/span><i class=\"fas fa-chevron-right\"><\/i><\/a><\/div>\t\t<\/div>\r\n\t\t\t<\/article>\r\n\t<article class=\"w-grid-item post-5239 schede_immobile type-schede_immobile status-publish has-post-thumbnail hentry categoria_schede_immobile-congregazioni-religiose\" data-id=\"5239\">\r\n\t\t<div class=\"w-grid-item-h\">\r\n\t\t\t\t\t\t<div class=\"w-post-elm post_image usg_post_image_1 stretched\"><a href=\"https:\/\/www.imcconsulting.it\/es\/schede_immobile\/domus-australia-roma-via-cernaia\/\" aria-label=\"Domus Australia \u2013 Roma, Via Cernaia\"><img loading=\"lazy\" decoding=\"async\" width=\"420\" height=\"315\" src=\"https:\/\/www.imcconsulting.it\/wp-content\/uploads\/2023\/04\/australia03.jpg\" class=\"attachment-full size-full wp-post-image\" alt=\"\" srcset=\"https:\/\/www.imcconsulting.it\/wp-content\/uploads\/2023\/04\/australia03.jpg 420w, https:\/\/www.imcconsulting.it\/wp-content\/uploads\/2023\/04\/australia03-300x225.jpg 300w\" sizes=\"auto, (max-width: 420px) 100vw, 420px\" \/><\/a><\/div><div class=\"w-vwrapper usg_vwrapper_1 align_center\"><h2 class=\"w-post-elm post_custom_field usg_post_custom_field_1 type_text sottotitolo color_link_inherit\"><span class=\"w-post-elm-value\">Domus Australia \u2013 Roma, Via Cernaia<\/span><\/h2><a class=\"w-btn us-btn-style_2 usg_btn_1 icon_atright\" href=\"https:\/\/www.imcconsulting.it\/es\/schede_immobile\/domus-australia-roma-via-cernaia\/\"><span class=\"w-btn-label\">Saber m\u00e1s<\/span><i class=\"fas fa-chevron-right\"><\/i><\/a><\/div>\t\t<\/div>\r\n\t\t\t<\/article>\r\n\t<article class=\"w-grid-item post-5231 schede_immobile type-schede_immobile status-publish has-post-thumbnail hentry categoria_schede_immobile-congregazioni-religiose\" data-id=\"5231\">\r\n\t\t<div class=\"w-grid-item-h\">\r\n\t\t\t\t\t\t<div class=\"w-post-elm post_image usg_post_image_1 stretched\"><a href=\"https:\/\/www.imcconsulting.it\/es\/schede_immobile\/immobile-societas-mariae-s-m\/\" aria-label=\"Immobile Societas Mariae &#8211; S.M.\"><img loading=\"lazy\" decoding=\"async\" width=\"339\" height=\"239\" src=\"https:\/\/www.imcconsulting.it\/wp-content\/uploads\/2023\/04\/imgSocietas01.jpg\" class=\"attachment-full size-full wp-post-image\" alt=\"\" srcset=\"https:\/\/www.imcconsulting.it\/wp-content\/uploads\/2023\/04\/imgSocietas01.jpg 339w, https:\/\/www.imcconsulting.it\/wp-content\/uploads\/2023\/04\/imgSocietas01-300x212.jpg 300w\" sizes=\"auto, (max-width: 339px) 100vw, 339px\" \/><\/a><\/div><div class=\"w-vwrapper usg_vwrapper_1 align_center\"><h2 class=\"w-post-elm post_custom_field usg_post_custom_field_1 type_text sottotitolo color_link_inherit\"><span class=\"w-post-elm-value\">S.M. \u2013 Roma, Via Livorno<\/span><\/h2><a class=\"w-btn us-btn-style_2 usg_btn_1 icon_atright\" href=\"https:\/\/www.imcconsulting.it\/es\/schede_immobile\/immobile-societas-mariae-s-m\/\"><span class=\"w-btn-label\">Saber m\u00e1s<\/span><i class=\"fas fa-chevron-right\"><\/i><\/a><\/div>\t\t<\/div>\r\n\t\t\t<\/article>\r\n\t<article class=\"w-grid-item post-5223 schede_immobile type-schede_immobile status-publish has-post-thumbnail hentry categoria_schede_immobile-congregazioni-religiose\" data-id=\"5223\">\r\n\t\t<div class=\"w-grid-item-h\">\r\n\t\t\t\t\t\t<div class=\"w-post-elm post_image usg_post_image_1 stretched\"><a href=\"https:\/\/www.imcconsulting.it\/es\/schede_immobile\/casa-cornelia-s-h-c-j\/\" aria-label=\"Casa Cornelia &#8211; S.H.C.J.\"><img loading=\"lazy\" decoding=\"async\" width=\"1000\" height=\"669\" src=\"https:\/\/www.imcconsulting.it\/wp-content\/uploads\/2023\/04\/casa-cornelia-00.jpg\" class=\"attachment-full size-full wp-post-image\" alt=\"\" srcset=\"https:\/\/www.imcconsulting.it\/wp-content\/uploads\/2023\/04\/casa-cornelia-00.jpg 1000w, https:\/\/www.imcconsulting.it\/wp-content\/uploads\/2023\/04\/casa-cornelia-00-300x201.jpg 300w\" sizes=\"auto, (max-width: 1000px) 100vw, 1000px\" \/><\/a><\/div><div class=\"w-vwrapper usg_vwrapper_1 align_center\"><h2 class=\"w-post-elm post_custom_field usg_post_custom_field_1 type_text sottotitolo color_link_inherit\"><span class=\"w-post-elm-value\">S.H.C.J. \u2013 Roma, Via della Maglianella<\/span><\/h2><a class=\"w-btn us-btn-style_2 usg_btn_1 icon_atright\" href=\"https:\/\/www.imcconsulting.it\/es\/schede_immobile\/casa-cornelia-s-h-c-j\/\"><span class=\"w-btn-label\">Saber m\u00e1s<\/span><i class=\"fas fa-chevron-right\"><\/i><\/a><\/div>\t\t<\/div>\r\n\t\t\t<\/article>\r\n\t<article class=\"w-grid-item post-5215 schede_immobile type-schede_immobile status-publish has-post-thumbnail hentry categoria_schede_immobile-congregazioni-religiose\" data-id=\"5215\">\r\n\t\t<div class=\"w-grid-item-h\">\r\n\t\t\t\t\t\t<div class=\"w-post-elm post_image usg_post_image_1 stretched\"><a href=\"https:\/\/www.imcconsulting.it\/es\/schede_immobile\/casa-general-de-la-compania-de-santa-teresa-de-jesus-s-t-j\/\" aria-label=\"Casa General de la Compa\u00f1\u00eda de Santa Teresa de Jesus &#8211; S.T.J.\"><img loading=\"lazy\" decoding=\"async\" width=\"488\" height=\"364\" src=\"https:\/\/www.imcconsulting.it\/wp-content\/uploads\/2023\/04\/stj-02.jpg\" class=\"attachment-full size-full wp-post-image\" alt=\"\" srcset=\"https:\/\/www.imcconsulting.it\/wp-content\/uploads\/2023\/04\/stj-02.jpg 488w, https:\/\/www.imcconsulting.it\/wp-content\/uploads\/2023\/04\/stj-02-300x224.jpg 300w\" sizes=\"auto, (max-width: 488px) 100vw, 488px\" \/><\/a><\/div><div class=\"w-vwrapper usg_vwrapper_1 align_center\"><h2 class=\"w-post-elm post_custom_field usg_post_custom_field_1 type_text sottotitolo color_link_inherit\"><span class=\"w-post-elm-value\">S.T.J. \u2013 Roma, Via di Val Cannuta<\/span><\/h2><a class=\"w-btn us-btn-style_2 usg_btn_1 icon_atright\" href=\"https:\/\/www.imcconsulting.it\/es\/schede_immobile\/casa-general-de-la-compania-de-santa-teresa-de-jesus-s-t-j\/\"><span class=\"w-btn-label\">Saber m\u00e1s<\/span><i class=\"fas fa-chevron-right\"><\/i><\/a><\/div>\t\t<\/div>\r\n\t\t\t<\/article>\r\n\t<article class=\"w-grid-item post-5207 schede_immobile type-schede_immobile status-publish has-post-thumbnail hentry categoria_schede_immobile-congregazioni-religiose\" data-id=\"5207\">\r\n\t\t<div class=\"w-grid-item-h\">\r\n\t\t\t\t\t\t<div class=\"w-post-elm post_image usg_post_image_1 stretched\"><a href=\"https:\/\/www.imcconsulting.it\/es\/schede_immobile\/hermanas-mercedarias-misioeras-de-berriz-venden-al-mundo-laico\/\" aria-label=\"Las Hermanas Mercedarias Misioneras de Berriz venden al mundo laico\"><img loading=\"lazy\" decoding=\"async\" width=\"520\" height=\"345\" src=\"https:\/\/www.imcconsulting.it\/wp-content\/uploads\/2023\/02\/01-th-berriz.jpg\" class=\"attachment-full size-full wp-post-image\" alt=\"\" srcset=\"https:\/\/www.imcconsulting.it\/wp-content\/uploads\/2023\/02\/01-th-berriz.jpg 520w, https:\/\/www.imcconsulting.it\/wp-content\/uploads\/2023\/02\/01-th-berriz-300x199.jpg 300w\" sizes=\"auto, (max-width: 520px) 100vw, 520px\" \/><\/a><\/div><div class=\"w-vwrapper usg_vwrapper_1 align_center\"><h2 class=\"w-post-elm post_custom_field usg_post_custom_field_1 type_text sottotitolo color_link_inherit\"><span class=\"w-post-elm-value\">M.M.B. \u2013 Roma, Viale Pola<\/span><\/h2><a class=\"w-btn us-btn-style_2 usg_btn_1 icon_atright\" href=\"https:\/\/www.imcconsulting.it\/es\/schede_immobile\/hermanas-mercedarias-misioeras-de-berriz-venden-al-mundo-laico\/\"><span class=\"w-btn-label\">Saber m\u00e1s<\/span><i class=\"fas fa-chevron-right\"><\/i><\/a><\/div>\t\t<\/div>\r\n\t\t\t<\/article>\r\n\t<article class=\"w-grid-item post-5199 schede_immobile type-schede_immobile status-publish has-post-thumbnail hentry categoria_schede_immobile-congregazioni-religiose\" data-id=\"5199\">\r\n\t\t<div class=\"w-grid-item-h\">\r\n\t\t\t\t\t\t<div class=\"w-post-elm post_image usg_post_image_1 stretched\"><a href=\"https:\/\/www.imcconsulting.it\/es\/schede_immobile\/palazzo-unione-internazionale-delle-superiore-generali-u-i-s-g-gia-regina-mundi\/\" aria-label=\"Palazzo Unione Internazionale delle Superiore Generali &#8211; U.I.S.G. gi\u00e0 Regina Mundi\"><img loading=\"lazy\" decoding=\"async\" width=\"488\" height=\"364\" src=\"https:\/\/www.imcconsulting.it\/wp-content\/uploads\/2023\/04\/img-UISG-1.jpg\" class=\"attachment-full size-full wp-post-image\" alt=\"\" srcset=\"https:\/\/www.imcconsulting.it\/wp-content\/uploads\/2023\/04\/img-UISG-1.jpg 488w, https:\/\/www.imcconsulting.it\/wp-content\/uploads\/2023\/04\/img-UISG-1-300x224.jpg 300w\" sizes=\"auto, (max-width: 488px) 100vw, 488px\" \/><\/a><\/div><div class=\"w-vwrapper usg_vwrapper_1 align_center\"><h2 class=\"w-post-elm post_custom_field usg_post_custom_field_1 type_text sottotitolo color_link_inherit\"><span class=\"w-post-elm-value\">U.I.S.G. \u2013 Roma, Lungotevere Tor di Nona<\/span><\/h2><a class=\"w-btn us-btn-style_2 usg_btn_1 icon_atright\" href=\"https:\/\/www.imcconsulting.it\/es\/schede_immobile\/palazzo-unione-internazionale-delle-superiore-generali-u-i-s-g-gia-regina-mundi\/\"><span class=\"w-btn-label\">Saber m\u00e1s<\/span><i class=\"fas fa-chevron-right\"><\/i><\/a><\/div>\t\t<\/div>\r\n\t\t\t<\/article>\r\n\t<article class=\"w-grid-item post-5191 schede_immobile type-schede_immobile status-publish has-post-thumbnail hentry categoria_schede_immobile-congregazioni-religiose\" data-id=\"5191\">\r\n\t\t<div class=\"w-grid-item-h\">\r\n\t\t\t\t\t\t<div class=\"w-post-elm post_image usg_post_image_1 stretched\"><a href=\"https:\/\/www.imcconsulting.it\/es\/schede_immobile\/casa-generalizia-congregazione-missionari-di-marianhill-c-m-m\/\" aria-label=\"Casa Generalizia &#8211; Congregazione Missionari di Marianhill C.M.M.\"><img loading=\"lazy\" decoding=\"async\" width=\"422\" height=\"317\" src=\"https:\/\/www.imcconsulting.it\/wp-content\/uploads\/2023\/04\/CMM_02.jpg\" class=\"attachment-full size-full wp-post-image\" alt=\"\" srcset=\"https:\/\/www.imcconsulting.it\/wp-content\/uploads\/2023\/04\/CMM_02.jpg 422w, https:\/\/www.imcconsulting.it\/wp-content\/uploads\/2023\/04\/CMM_02-300x225.jpg 300w\" sizes=\"auto, (max-width: 422px) 100vw, 422px\" \/><\/a><\/div><div class=\"w-vwrapper usg_vwrapper_1 align_center\"><h2 class=\"w-post-elm post_custom_field usg_post_custom_field_1 type_text sottotitolo color_link_inherit\"><span class=\"w-post-elm-value\">C.M.M. \u2013 Roma, Via San Giovanni Eudes<\/span><\/h2><a class=\"w-btn us-btn-style_2 usg_btn_1 icon_atright\" href=\"https:\/\/www.imcconsulting.it\/es\/schede_immobile\/casa-generalizia-congregazione-missionari-di-marianhill-c-m-m\/\"><span class=\"w-btn-label\">Saber m\u00e1s<\/span><i class=\"fas fa-chevron-right\"><\/i><\/a><\/div>\t\t<\/div>\r\n\t\t\t<\/article>\r\n<\/div>\t<div class=\"g-preloader type_1\">\r\n\t\t<div><\/div>\r\n\t<\/div>\r\n\t\t<div class=\"w-grid-json hidden\" onclick='return {&quot;action&quot;:&quot;us_ajax_grid&quot;,&quot;infinite_scroll&quot;:0,&quot;max_num_pages&quot;:1,&quot;pagination&quot;:&quot;none&quot;,&quot;template_vars&quot;:{&quot;columns&quot;:&quot;&quot;,&quot;exclude_items&quot;:&quot;none&quot;,&quot;img_size&quot;:&quot;default&quot;,&quot;ignore_items_size&quot;:0,&quot;items_layout&quot;:&quot;508&quot;,&quot;items_offset&quot;:&quot;0px&quot;,&quot;load_animation&quot;:&quot;none&quot;,&quot;overriding_link&quot;:&quot;%7B%22url%22%3A%22%22%7D&quot;,&quot;post_id&quot;:6048,&quot;query_args&quot;:{&quot;post_type&quot;:[&quot;schede_immobile&quot;],&quot;tax_query&quot;:[{&quot;taxonomy&quot;:&quot;categoria_schede_immobile&quot;,&quot;field&quot;:&quot;slug&quot;,&quot;terms&quot;:[&quot;congregazioni-religiose&quot;]}],&quot;post_status&quot;:[&quot;publish&quot;,&quot;acf-disabled&quot;,&quot;mapped&quot;,&quot;needs_update&quot;],&quot;posts_per_page&quot;:&quot;60&quot;},&quot;orderby_query_args&quot;:{&quot;orderby&quot;:{&quot;date&quot;:&quot;DESC&quot;}},&quot;type&quot;:&quot;carousel&quot;,&quot;us_grid_post_type&quot;:&quot;schede_immobile&quot;,&quot;us_grid_ajax_index&quot;:2,&quot;us_grid_filter_query_string&quot;:null,&quot;us_grid_index&quot;:2,&quot;page_args&quot;:[],&quot;lang&quot;:&quot;es&quot;},&quot;carousel_settings&quot;:{&quot;aria_labels&quot;:{&quot;prev&quot;:&quot;Anterior&quot;,&quot;next&quot;:&quot;Siguiente&quot;},&quot;autoplayContinual&quot;:false,&quot;autoplayHoverPause&quot;:false,&quot;autoplayTimeout&quot;:3000,&quot;autoWidth&quot;:false,&quot;smartSpeed&quot;:400,&quot;margin&quot;:0,&quot;mouseDrag&quot;:true,&quot;rtl&quot;:false,&quot;slideBy&quot;:&quot;page&quot;,&quot;touchDrag&quot;:true,&quot;slideTransition&quot;:&quot;&quot;,&quot;responsive&quot;:{&quot;0&quot;:{&quot;autoHeight&quot;:false,&quot;autoplay&quot;:false,&quot;autoWidth&quot;:false,&quot;center&quot;:false,&quot;dots&quot;:true,&quot;items&quot;:1,&quot;loop&quot;:true,&quot;nav&quot;:false,&quot;stagePadding&quot;:0,&quot;slideBy&quot;:&quot;1&quot;},&quot;721&quot;:{&quot;autoHeight&quot;:false,&quot;autoplay&quot;:false,&quot;autoWidth&quot;:false,&quot;center&quot;:false,&quot;dots&quot;:true,&quot;items&quot;:2,&quot;loop&quot;:true,&quot;nav&quot;:true,&quot;stagePadding&quot;:0,&quot;slideBy&quot;:&quot;1&quot;},&quot;1025&quot;:{&quot;autoHeight&quot;:false,&quot;autoplay&quot;:true,&quot;autoWidth&quot;:false,&quot;center&quot;:false,&quot;dots&quot;:true,&quot;items&quot;:3,&quot;loop&quot;:true,&quot;nav&quot;:true,&quot;stagePadding&quot;:0,&quot;slideBy&quot;:&quot;1&quot;},&quot;1281&quot;:{&quot;items&quot;:3,&quot;autoplay&quot;:false,&quot;center&quot;:false,&quot;dots&quot;:true,&quot;nav&quot;:true,&quot;autoHeight&quot;:false,&quot;autoWidth&quot;:false,&quot;loop&quot;:true,&quot;stagePadding&quot;:0}}}}'><\/div>\r\n\t<\/div><\/div><\/div><\/div><\/div><\/section>\n<\/div><\/div><\/div><\/div><\/section>\n","protected":false},"featured_media":240,"template":"","categoria_schede_immobile":[41],"class_list":["post-5207","schede_immobile","type-schede_immobile","status-publish","has-post-thumbnail","hentry","categoria_schede_immobile-congregazioni-religiose"],"acf":[],"yoast_head":"<!-- This site is optimized with the Yoast SEO plugin v25.7 - https:\/\/yoast.com\/wordpress\/plugins\/seo\/ -->\n<title>Las Hermanas Mercedarias Misioneras de Berriz venden al mundo laico - IMC Consulting<\/title>\n<meta name=\"robots\" content=\"index, follow, max-snippet:-1, max-image-preview:large, max-video-preview:-1\" \/>\n<link rel=\"canonical\" href=\"https:\/\/www.imcconsulting.it\/es\/schede_immobile\/hermanas-mercedarias-misioeras-de-berriz-venden-al-mundo-laico\/\" \/>\n<meta property=\"og:locale\" content=\"es_ES\" \/>\n<meta property=\"og:type\" content=\"article\" \/>\n<meta property=\"og:title\" content=\"Las Hermanas Mercedarias Misioneras de Berriz venden al mundo laico - IMC Consulting\" \/>\n<meta property=\"og:url\" content=\"https:\/\/www.imcconsulting.it\/es\/schede_immobile\/hermanas-mercedarias-misioeras-de-berriz-venden-al-mundo-laico\/\" \/>\n<meta property=\"og:site_name\" content=\"IMC Consulting\" \/>\n<meta property=\"article:modified_time\" content=\"2024-02-19T11:50:52+00:00\" \/>\n<meta property=\"og:image\" content=\"https:\/\/www.imcconsulting.it\/wp-content\/uploads\/2023\/02\/01-th-berriz.jpg\" \/>\n\t<meta property=\"og:image:width\" content=\"520\" \/>\n\t<meta property=\"og:image:height\" content=\"345\" \/>\n\t<meta property=\"og:image:type\" content=\"image\/jpeg\" \/>\n<meta name=\"twitter:card\" content=\"summary_large_image\" \/>\n<meta name=\"twitter:label1\" content=\"Tiempo de lectura\" \/>\n\t<meta name=\"twitter:data1\" content=\"3 minutos\" \/>\n<script type=\"application\/ld+json\" class=\"yoast-schema-graph\">{\"@context\":\"https:\/\/schema.org\",\"@graph\":[{\"@type\":\"WebPage\",\"@id\":\"https:\/\/www.imcconsulting.it\/es\/schede_immobile\/hermanas-mercedarias-misioeras-de-berriz-venden-al-mundo-laico\/\",\"url\":\"https:\/\/www.imcconsulting.it\/es\/schede_immobile\/hermanas-mercedarias-misioeras-de-berriz-venden-al-mundo-laico\/\",\"name\":\"Las Hermanas Mercedarias Misioneras de Berriz venden al mundo laico - IMC Consulting\",\"isPartOf\":{\"@id\":\"https:\/\/www.imcconsulting.it\/es\/#website\"},\"primaryImageOfPage\":{\"@id\":\"https:\/\/www.imcconsulting.it\/es\/schede_immobile\/hermanas-mercedarias-misioeras-de-berriz-venden-al-mundo-laico\/#primaryimage\"},\"image\":{\"@id\":\"https:\/\/www.imcconsulting.it\/es\/schede_immobile\/hermanas-mercedarias-misioeras-de-berriz-venden-al-mundo-laico\/#primaryimage\"},\"thumbnailUrl\":\"https:\/\/www.imcconsulting.it\/wp-content\/uploads\/2023\/02\/01-th-berriz.jpg\",\"datePublished\":\"2023-04-01T21:09:22+00:00\",\"dateModified\":\"2024-02-19T11:50:52+00:00\",\"breadcrumb\":{\"@id\":\"https:\/\/www.imcconsulting.it\/es\/schede_immobile\/hermanas-mercedarias-misioeras-de-berriz-venden-al-mundo-laico\/#breadcrumb\"},\"inLanguage\":\"es\",\"potentialAction\":[{\"@type\":\"ReadAction\",\"target\":[\"https:\/\/www.imcconsulting.it\/es\/schede_immobile\/hermanas-mercedarias-misioeras-de-berriz-venden-al-mundo-laico\/\"]}]},{\"@type\":\"ImageObject\",\"inLanguage\":\"es\",\"@id\":\"https:\/\/www.imcconsulting.it\/es\/schede_immobile\/hermanas-mercedarias-misioeras-de-berriz-venden-al-mundo-laico\/#primaryimage\",\"url\":\"https:\/\/www.imcconsulting.it\/wp-content\/uploads\/2023\/02\/01-th-berriz.jpg\",\"contentUrl\":\"https:\/\/www.imcconsulting.it\/wp-content\/uploads\/2023\/02\/01-th-berriz.jpg\",\"width\":520,\"height\":345},{\"@type\":\"BreadcrumbList\",\"@id\":\"https:\/\/www.imcconsulting.it\/es\/schede_immobile\/hermanas-mercedarias-misioeras-de-berriz-venden-al-mundo-laico\/#breadcrumb\",\"itemListElement\":[{\"@type\":\"ListItem\",\"position\":1,\"name\":\"Home\",\"item\":\"https:\/\/www.imcconsulting.it\/es\/\"},{\"@type\":\"ListItem\",\"position\":2,\"name\":\"Las Hermanas Mercedarias Misioneras de Berriz venden al mundo laico\"}]},{\"@type\":\"WebSite\",\"@id\":\"https:\/\/www.imcconsulting.it\/es\/#website\",\"url\":\"https:\/\/www.imcconsulting.it\/es\/\",\"name\":\"IMC Consulting\",\"description\":\"\",\"publisher\":{\"@id\":\"https:\/\/www.imcconsulting.it\/es\/#organization\"},\"potentialAction\":[{\"@type\":\"SearchAction\",\"target\":{\"@type\":\"EntryPoint\",\"urlTemplate\":\"https:\/\/www.imcconsulting.it\/es\/?s={search_term_string}\"},\"query-input\":{\"@type\":\"PropertyValueSpecification\",\"valueRequired\":true,\"valueName\":\"search_term_string\"}}],\"inLanguage\":\"es\"},{\"@type\":\"Organization\",\"@id\":\"https:\/\/www.imcconsulting.it\/es\/#organization\",\"name\":\"IMC Consulting\",\"url\":\"https:\/\/www.imcconsulting.it\/es\/\",\"logo\":{\"@type\":\"ImageObject\",\"inLanguage\":\"es\",\"@id\":\"https:\/\/www.imcconsulting.it\/es\/#\/schema\/logo\/image\/\",\"url\":\"https:\/\/www.imcconsulting.it\/wp-content\/uploads\/2023\/02\/IMC-logo-footer.png\",\"contentUrl\":\"https:\/\/www.imcconsulting.it\/wp-content\/uploads\/2023\/02\/IMC-logo-footer.png\",\"width\":134,\"height\":91,\"caption\":\"IMC Consulting\"},\"image\":{\"@id\":\"https:\/\/www.imcconsulting.it\/es\/#\/schema\/logo\/image\/\"}}]}<\/script>\n<!-- \/ Yoast SEO plugin. -->","yoast_head_json":{"title":"Las Hermanas Mercedarias Misioneras de Berriz venden al mundo laico - IMC Consulting","robots":{"index":"index","follow":"follow","max-snippet":"max-snippet:-1","max-image-preview":"max-image-preview:large","max-video-preview":"max-video-preview:-1"},"canonical":"https:\/\/www.imcconsulting.it\/es\/schede_immobile\/hermanas-mercedarias-misioeras-de-berriz-venden-al-mundo-laico\/","og_locale":"es_ES","og_type":"article","og_title":"Las Hermanas Mercedarias Misioneras de Berriz venden al mundo laico - IMC Consulting","og_url":"https:\/\/www.imcconsulting.it\/es\/schede_immobile\/hermanas-mercedarias-misioeras-de-berriz-venden-al-mundo-laico\/","og_site_name":"IMC Consulting","article_modified_time":"2024-02-19T11:50:52+00:00","og_image":[{"width":520,"height":345,"url":"https:\/\/www.imcconsulting.it\/wp-content\/uploads\/2023\/02\/01-th-berriz.jpg","type":"image\/jpeg"}],"twitter_card":"summary_large_image","twitter_misc":{"Tiempo de lectura":"3 minutos"},"schema":{"@context":"https:\/\/schema.org","@graph":[{"@type":"WebPage","@id":"https:\/\/www.imcconsulting.it\/es\/schede_immobile\/hermanas-mercedarias-misioeras-de-berriz-venden-al-mundo-laico\/","url":"https:\/\/www.imcconsulting.it\/es\/schede_immobile\/hermanas-mercedarias-misioeras-de-berriz-venden-al-mundo-laico\/","name":"Las Hermanas Mercedarias Misioneras de Berriz venden al mundo laico - IMC Consulting","isPartOf":{"@id":"https:\/\/www.imcconsulting.it\/es\/#website"},"primaryImageOfPage":{"@id":"https:\/\/www.imcconsulting.it\/es\/schede_immobile\/hermanas-mercedarias-misioeras-de-berriz-venden-al-mundo-laico\/#primaryimage"},"image":{"@id":"https:\/\/www.imcconsulting.it\/es\/schede_immobile\/hermanas-mercedarias-misioeras-de-berriz-venden-al-mundo-laico\/#primaryimage"},"thumbnailUrl":"https:\/\/www.imcconsulting.it\/wp-content\/uploads\/2023\/02\/01-th-berriz.jpg","datePublished":"2023-04-01T21:09:22+00:00","dateModified":"2024-02-19T11:50:52+00:00","breadcrumb":{"@id":"https:\/\/www.imcconsulting.it\/es\/schede_immobile\/hermanas-mercedarias-misioeras-de-berriz-venden-al-mundo-laico\/#breadcrumb"},"inLanguage":"es","potentialAction":[{"@type":"ReadAction","target":["https:\/\/www.imcconsulting.it\/es\/schede_immobile\/hermanas-mercedarias-misioeras-de-berriz-venden-al-mundo-laico\/"]}]},{"@type":"ImageObject","inLanguage":"es","@id":"https:\/\/www.imcconsulting.it\/es\/schede_immobile\/hermanas-mercedarias-misioeras-de-berriz-venden-al-mundo-laico\/#primaryimage","url":"https:\/\/www.imcconsulting.it\/wp-content\/uploads\/2023\/02\/01-th-berriz.jpg","contentUrl":"https:\/\/www.imcconsulting.it\/wp-content\/uploads\/2023\/02\/01-th-berriz.jpg","width":520,"height":345},{"@type":"BreadcrumbList","@id":"https:\/\/www.imcconsulting.it\/es\/schede_immobile\/hermanas-mercedarias-misioeras-de-berriz-venden-al-mundo-laico\/#breadcrumb","itemListElement":[{"@type":"ListItem","position":1,"name":"Home","item":"https:\/\/www.imcconsulting.it\/es\/"},{"@type":"ListItem","position":2,"name":"Las Hermanas Mercedarias Misioneras de Berriz venden al mundo laico"}]},{"@type":"WebSite","@id":"https:\/\/www.imcconsulting.it\/es\/#website","url":"https:\/\/www.imcconsulting.it\/es\/","name":"IMC Consulting","description":"","publisher":{"@id":"https:\/\/www.imcconsulting.it\/es\/#organization"},"potentialAction":[{"@type":"SearchAction","target":{"@type":"EntryPoint","urlTemplate":"https:\/\/www.imcconsulting.it\/es\/?s={search_term_string}"},"query-input":{"@type":"PropertyValueSpecification","valueRequired":true,"valueName":"search_term_string"}}],"inLanguage":"es"},{"@type":"Organization","@id":"https:\/\/www.imcconsulting.it\/es\/#organization","name":"IMC Consulting","url":"https:\/\/www.imcconsulting.it\/es\/","logo":{"@type":"ImageObject","inLanguage":"es","@id":"https:\/\/www.imcconsulting.it\/es\/#\/schema\/logo\/image\/","url":"https:\/\/www.imcconsulting.it\/wp-content\/uploads\/2023\/02\/IMC-logo-footer.png","contentUrl":"https:\/\/www.imcconsulting.it\/wp-content\/uploads\/2023\/02\/IMC-logo-footer.png","width":134,"height":91,"caption":"IMC Consulting"},"image":{"@id":"https:\/\/www.imcconsulting.it\/es\/#\/schema\/logo\/image\/"}}]}},"_links":{"self":[{"href":"https:\/\/www.imcconsulting.it\/es\/wp-json\/wp\/v2\/schede_immobile\/5207","targetHints":{"allow":["GET"]}}],"collection":[{"href":"https:\/\/www.imcconsulting.it\/es\/wp-json\/wp\/v2\/schede_immobile"}],"about":[{"href":"https:\/\/www.imcconsulting.it\/es\/wp-json\/wp\/v2\/types\/schede_immobile"}],"wp:featuredmedia":[{"embeddable":true,"href":"https:\/\/www.imcconsulting.it\/es\/wp-json\/wp\/v2\/media\/240"}],"wp:attachment":[{"href":"https:\/\/www.imcconsulting.it\/es\/wp-json\/wp\/v2\/media?parent=5207"}],"wp:term":[{"taxonomy":"categoria_schede_immobile","embeddable":true,"href":"https:\/\/www.imcconsulting.it\/es\/wp-json\/wp\/v2\/categoria_schede_immobile?post=5207"}],"curies":[{"name":"wp","href":"https:\/\/api.w.org\/{rel}","templated":true}]}}